{"id":231,"date":"2021-04-16T10:59:44","date_gmt":"2021-04-16T08:59:44","guid":{"rendered":"https:\/\/www.aeroclubduplandedieu.fr\/wordpress\/?page_id=231"},"modified":"2026-04-08T12:12:51","modified_gmt":"2026-04-08T10:12:51","slug":"accueil","status":"publish","type":"page","link":"https:\/\/www.aeroclubduplandedieu.fr\/2021\/accueil\/","title":{"rendered":"Bienvenue \u00e0 l&rsquo;a\u00e9roclub du Plan de Dieu."},"content":{"rendered":"\n<figure class=\"wp-block-image size-full\"><img loading=\"lazy\" decoding=\"async\" width=\"940\" height=\"713\" src=\"https:\/\/www.aeroclubduplandedieu.fr\/wordpress\/wp-content\/uploads\/2024\/11\/panneau-20-11-.jpg\" alt=\"\" class=\"wp-image-4043\" srcset=\"https:\/\/www.aeroclubduplandedieu.fr\/wordpress\/wp-content\/uploads\/2024\/11\/panneau-20-11-.jpg 940w, https:\/\/www.aeroclubduplandedieu.fr\/wordpress\/wp-content\/uploads\/2024\/11\/panneau-20-11--300x228.jpg 300w, https:\/\/www.aeroclubduplandedieu.fr\/wordpress\/wp-content\/uploads\/2024\/11\/panneau-20-11--768x583.jpg 768w\" sizes=\"auto, (max-width: 940px) 100vw, 940px\" \/><\/figure>\n\n\n\n<div data-wp-interactive=\"core\/file\" class=\"wp-block-file\"><object data-wp-bind--hidden=\"!state.hasPdfPreview\" hidden class=\"wp-block-file__embed\" data=\"https:\/\/www.aeroclubduplandedieu.fr\/wordpress\/wp-content\/uploads\/2025\/12\/20251203_ACPDDficheaccueil.pdf\" type=\"application\/pdf\" style=\"width:100%;height:600px\" aria-label=\"Contenu embarqu\u00e9 20251203_ACPDDficheaccueil.\"><\/object><a id=\"wp-block-file--media-b1afb763-be1e-4726-a98a-fbc2f7f2d5ec\" href=\"https:\/\/www.aeroclubduplandedieu.fr\/wordpress\/wp-content\/uploads\/2025\/12\/20251203_ACPDDficheaccueil.pdf\">20251203_ACPDDficheaccueil<\/a><a href=\"https:\/\/www.aeroclubduplandedieu.fr\/wordpress\/wp-content\/uploads\/2025\/12\/20251203_ACPDDficheaccueil.pdf\" class=\"wp-block-file__button wp-element-button\" download aria-describedby=\"wp-block-file--media-b1afb763-be1e-4726-a98a-fbc2f7f2d5ec\">T\u00e9l\u00e9charger<\/a><\/div>\n\n\n\n<p>Suivez nous aussi sur facebook <a href=\"https:\/\/facebook.com\/AeroclubDuPlanDeDieu?\" target=\"_blank\" rel=\"noreferrer noopener\">https:\/\/facebook.com\/AeroclubDuPlanDeDieu?<\/a><\/p>\n\n\n\n<p><a href=\"https:\/\/fr.wikipedia.org\/wiki\/A%C3%A9rodrome_d%27Orange_Plan_de_Dieu\" data-type=\"link\" data-id=\"https:\/\/fr.wikipedia.org\/wiki\/A%C3%A9rodrome_d%27Orange_Plan_de_Dieu\" target=\"_blank\" rel=\"noreferrer noopener\">Wikipedia : page relative \u00e0 l&rsquo;a\u00e9rodrome d&rsquo;Orange Plan de Dieu<\/a><\/p>\n\n\n\n<p>+++++++++++++++++++++++++++++++++++++++++++++++++++++++++++++++++++++++++++++++++++++++++++++++++++++++++++++++<\/p>\n\n\n\n<p class=\"has-medium-font-size\">L\u2019A\u00e9roclub du Plan de Dieu est une association \u00e0 but non lucratif r\u00e9gie par la loi du 1<sup>er<\/sup> juillet 1901. <\/p>\n\n\n\n<p class=\"has-medium-font-size\">Affili\u00e9e \u00e0 la <strong><a href=\"https:\/\/www.ffa-aero.fr\/FR\/Federation_Aeronautique.awp\" data-type=\"link\" data-id=\"https:\/\/www.ffa-aero.fr\/FR\/Federation_Aeronautique.awp\" target=\"_blank\" rel=\"noreferrer noopener\">F\u00e9d\u00e9ration Fran\u00e7aise A\u00e9ronautique (FFA)<\/a>,<\/strong> elle est agr\u00e9\u00e9e par la Direction G\u00e9n\u00e9rale de l\u2019Aviation Civile (DGAC) en qualit\u00e9 de DTO (Declared Training Organisation) sous le N\u00b004.06. Nous sommes aussi Centre d&rsquo;Examen Habilit\u00e9 par la FFA<\/p>\n\n\n\n<p class=\"has-medium-font-size\">L\u2019A\u00e9roclub du Plan de Dieu vous propose des <a href=\"https:\/\/www.aeroclubduplandedieu.fr\/2021\/decouvrir\/\" data-type=\"URL\" data-id=\"https:\/\/www.aeroclubduplandedieu.fr\/2021\/decouvrir\/\" target=\"_blank\" rel=\"noreferrer noopener\"><strong>vols de d\u00e9couverte<\/strong><\/a> et dispense aussi des <a rel=\"noreferrer noopener\" href=\"https:\/\/www.aeroclubduplandedieu.fr\/2021\/devenir-pilote\/\" data-type=\"URL\" data-id=\"https:\/\/www.aeroclubduplandedieu.fr\/2021\/devenir-pilote\/\" target=\"_blank\"><strong>formations de pilote<\/strong><\/a> qui permettent de d\u00e9boucher sur une carri\u00e8re a\u00e9ronautique civile ou militaire ou tout simplement sur le plaisir de voler de ses propres ailes.<\/p>\n\n\n\n<p class=\"has-medium-font-size\">Nos installations sont situ\u00e9es au c\u0153ur de la Provence sur l\u2019a\u00e9rodrome du Plan de Dieu proche d\u2019Orange. &nbsp;Nous b\u00e9n\u00e9ficions d\u2019un cadre exceptionnel avec le Mont Ventoux et les Dentelles de Montmirail.<\/p>\n\n\n\n<p class=\"has-medium-font-size\">L\u2019a\u00e9rodrome dispose de deux pistes (16\/34 en dur et 17\/35 en herbe) et rel\u00e8ve de la comp\u00e9tence de la Base a\u00e9rienne d\u2019Orange (BA115) avec laquelle l\u2019A\u00e9roclub entretient des liens des plus \u00e9troits. Nos op\u00e9rations sont coordonn\u00e9es avec les propres activit\u00e9s de la Base (Rafale, h\u00e9licopt\u00e8res Fennec) et les entrainements r\u00e9guliers de la Patrouille de France bas\u00e9e \u00e0 Salon de Provence.<\/p>\n\n\n\n<p class=\"has-medium-font-size\">L\u2019A\u00e9roclub est un vrai Club de b\u00e9n\u00e9voles anim\u00e9 par des b\u00e9n\u00e9voles qui mettent \u00e0 disposition leurs comp\u00e9tences et qui partagent la m\u00eame passion de voler. Il compte environ 100 membres et dispose d\u2019une flotte homog\u00e8ne de trois avions de type Robin ainsi que d&rsquo;un biplace Tecnam P2002. Tous ces avions sont tr\u00e8s bien \u00e9quip\u00e9s. L\u2019entretien est assur\u00e9 sur place par notre \u00e9quipe de m\u00e9caniciens agr\u00e9\u00e9s.&nbsp;<\/p>\n\n\n\n<p class=\"has-medium-font-size\">Alors que vous soyez jeunes ou moins jeunes, si l\u2019envie de voler a toujours \u00e9t\u00e9 un r\u00eave, rejoignez nous et visez la lune pour atteindre les \u00e9toiles&nbsp;! &nbsp;&nbsp;<\/p>\n\n\n\n<h2 class=\"wp-block-heading\" id=\"pour-nous-contacter\">Pour nous contacter :<\/h2>\n\n\n\n<div class=\"wp-block-media-text alignwide is-stacked-on-mobile\" style=\"grid-template-columns:57% auto\"><figure class=\"wp-block-media-text__media\"><img loading=\"lazy\" decoding=\"async\" width=\"1024\" height=\"683\" src=\"https:\/\/www.aeroclubduplandedieu.fr\/wordpress\/wp-content\/uploads\/2021\/07\/2021_A115_091_K_001_002-1024x683.jpg\" alt=\"\" class=\"wp-image-493 size-full\" srcset=\"https:\/\/www.aeroclubduplandedieu.fr\/wordpress\/wp-content\/uploads\/2021\/07\/2021_A115_091_K_001_002-1024x683.jpg 1024w, https:\/\/www.aeroclubduplandedieu.fr\/wordpress\/wp-content\/uploads\/2021\/07\/2021_A115_091_K_001_002-300x200.jpg 300w, https:\/\/www.aeroclubduplandedieu.fr\/wordpress\/wp-content\/uploads\/2021\/07\/2021_A115_091_K_001_002-768x512.jpg 768w, https:\/\/www.aeroclubduplandedieu.fr\/wordpress\/wp-content\/uploads\/2021\/07\/2021_A115_091_K_001_002-1536x1024.jpg 1536w, https:\/\/www.aeroclubduplandedieu.fr\/wordpress\/wp-content\/uploads\/2021\/07\/2021_A115_091_K_001_002-2048x1365.jpg 2048w\" sizes=\"auto, (max-width: 1024px) 100vw, 1024px\" \/><\/figure><div class=\"wp-block-media-text__content\">\n<p class=\"has-normal-font-size\"><\/p>\n\n\n\n<p class=\"has-black-color has-text-color has-medium-font-size\"><strong>T\u00e9l\u00e9phone<\/strong> : +33 (0)6 85 53 72 83<\/p>\n\n\n\n<p class=\"has-black-color has-text-color has-medium-font-size\"><strong>Messagerie<\/strong> : <a href=\"mailto:secretaire@aeroclubduplandedieu.fr\">secretaire@acpdd.fr<\/a><\/p>\n\n\n\n<p class=\"has-black-color has-text-color has-medium-font-size\"><strong>Courrier :<\/strong> A\u00e9rodrome du Plan de Dieu<\/p>\n\n\n\n<p class=\"has-black-color has-text-color has-medium-font-size\">37 route de Sablet (quartier Plan de Dieu ) <\/p>\n\n\n\n<p class=\"has-black-color has-text-color has-medium-font-size\">84850 TRAVAILLAN<\/p>\n\n\n\n<p><\/p>\n<\/div><\/div>\n\n\n\n<h2 class=\"wp-block-heading\" id=\"pour-venir\">Pour venir : <\/h2>\n\n\n<p><span style=\"font-size: 18pt;\"><a href=\"https:\/\/www.google.fr\/maps\/@44.1850823,4.9022339,9431m\/data=!3m1!1e3?hl=fr\" target=\"_blank\" rel=\"noopener\"><span style=\"text-decoration: underline; color: #000000;\"><strong>Par la route :<\/strong><\/span><\/a><\/span><\/p>\n\n\n<div class=\"wp-block-media-text alignwide is-stacked-on-mobile\"><figure class=\"wp-block-media-text__media\"><img loading=\"lazy\" decoding=\"async\" width=\"350\" height=\"172\" src=\"https:\/\/www.aeroclubduplandedieu.fr\/wordpress\/wp-content\/uploads\/2021\/10\/image.png\" alt=\"\" class=\"wp-image-843 size-full\" srcset=\"https:\/\/www.aeroclubduplandedieu.fr\/wordpress\/wp-content\/uploads\/2021\/10\/image.png 350w, https:\/\/www.aeroclubduplandedieu.fr\/wordpress\/wp-content\/uploads\/2021\/10\/image-300x147.png 300w\" sizes=\"auto, (max-width: 350px) 100vw, 350px\" \/><\/figure><div class=\"wp-block-media-text__content\">\n<p class=\"has-medium-font-size\">Depuis Orange, prendre la direction de Camaret.<\/p>\n\n\n\n<p class=\"has-medium-font-size\">Puis, au rond-point \u00e0 la sortie de Camaret, prendre la D 23 direction Sablet. <\/p>\n\n\n\n<p class=\"has-medium-font-size\">Environ 3,5 km apr\u00e8s, sur la gauche, vous verrez le panneau annon\u00e7ant le club. Prenez ce chemin et allez tout droit jusqu&rsquo;aux b\u00e2timents du club.<\/p>\n<\/div><\/div>\n\n\n<\/p>\n<p><span style=\"text-decoration: underline; color: #000000; font-size: 18pt;\"><strong>Par la voie des airs :<\/strong><\/span><\/p>\n\n\n<ul class=\"wp-block-list\">\n<li><strong>Demande d\u2019atterrissage PDD<\/strong><ul><li>Notre terrain est sous l&rsquo;autorit\u00e9 de la BA115 (Base a\u00e9rienne d&rsquo;Orange)Pour venir nous rendre visite en avion, vous devez au pr\u00e9alable d\u00e9poser une demande d\u2019autorisation d&rsquo; atterrissage  en remplissant ce formulaire :<\/li><\/ul><\/li>\n\n\n\n<li><ul><li><ul><li>soit en Word.docx&nbsp; * <a href=\"https:\/\/www.aeroclubduplandedieu.fr\/wordpress\/wp-content\/uploads\/2021\/12\/Demande-datterrissage-PDD.docx\" data-type=\"URL\" data-id=\"https:\/\/www.aeroclubduplandedieu.fr\/wordpress\/wp-content\/uploads\/2021\/12\/Demande-datterrissage-PDD.docx\" target=\"_blank\" rel=\"noreferrer noopener\"><\/a><a href=\"https:\/\/www.aeroclubduplandedieu.fr\/wordpress\/wp-content\/uploads\/2026\/04\/Demande-datterrissage-PDD-version-2026-1.docx\" data-type=\"link\" data-id=\"https:\/\/www.aeroclubduplandedieu.fr\/wordpress\/wp-content\/uploads\/2026\/04\/Demande-datterrissage-PDD-version-2026-1.docx\" target=\"_blank\" rel=\"noreferrer noopener\">Demande d\u2019atterrissage-PDD<\/a><\/li><\/ul><\/li><\/ul><\/li>\n\n\n\n<li><ul><li><ul><li>soit en .pdf&nbsp; * <a href=\"https:\/\/www.aeroclubduplandedieu.fr\/wordpress\/wp-content\/uploads\/2021\/12\/Demande-datterrissage-PDD.pdf\" data-type=\"URL\" data-id=\"https:\/\/www.aeroclubduplandedieu.fr\/wordpress\/wp-content\/uploads\/2021\/12\/Demande-datterrissage-PDD.pdf\" target=\"_blank\" rel=\"noreferrer noopener\"><\/a><a href=\"https:\/\/www.aeroclubduplandedieu.fr\/wordpress\/wp-content\/uploads\/2026\/04\/Demande-datterrissage-PDD-version-2026-1.pdf\" data-type=\"link\" data-id=\"https:\/\/www.aeroclubduplandedieu.fr\/wordpress\/wp-content\/uploads\/2026\/04\/Demande-datterrissage-PDD-version-2026-1.pdf\" target=\"_blank\" rel=\"noreferrer noopener\">Demande d\u2019atterrissage-PDD<\/a><\/li><\/ul><\/li><\/ul><\/li>\n\n\n\n<li><a href=\"http:\/\/chrome-extension\/\/efaidnbmnnnibpcajpcglclefindmkaj\/https:\/\/www.aeroclubduplandedieu.fr\/wordpress\/wp-content\/uploads\/2026\/04\/ZIT-ORANGE-SUP-AIP-013-26.pdf\" data-type=\"link\" data-id=\"http:\/\/chrome-extension\/\/efaidnbmnnnibpcajpcglclefindmkaj\/https:\/\/www.aeroclubduplandedieu.fr\/wordpress\/wp-content\/uploads\/2026\/04\/ZIT-ORANGE-SUP-AIP-013-26.pdf\" target=\"_blank\" rel=\"noreferrer noopener\">ZIT ORANGE SUP AIP 013 26<\/a><\/li>\n\n\n\n<li><a href=\"https:\/\/www.sia.aviation-civile.gouv.fr\/media\/store\/documents\/file\/l\/f\/lf_sup_2026_013_fr.pdf\" data-type=\"link\" data-id=\"https:\/\/www.sia.aviation-civile.gouv.fr\/media\/store\/documents\/file\/l\/f\/lf_sup_2026_013_fr.pdf\" target=\"_blank\" rel=\"noreferrer noopener\"><em>Cr\u00e9ation d&rsquo;une zone interdite temporaire (ZIT) ORANGE (84)<br>Du jeudi 12 f\u00e9vrier 2026 au mercredi 14 avril 2027<\/em><\/a><\/li>\n\n\n\n<li>\n<ul class=\"wp-block-list\">\n<li>Une fois tous les champs renseign\u00e9s, vous pouvez nous la faire parvenir\n<ul class=\"wp-block-list\">\n<li>par email :&nbsp;<a href=\"mailto:secretaire@aeroclubduplandedieu.fr\">secretaire@acpdd.fr<\/a><\/li>\n\n\n\n<li>ou par la poste \u00e0 l\u2019adresse suivante :\n<ul class=\"wp-block-list\">\n<li>A\u00e9rodrome du Plan de Dieu 37 route de Sablet (quartier Plan de Dieu) 84850 TRAVAILLAN.<\/li>\n<\/ul>\n<\/li>\n<\/ul>\n<\/li>\n<\/ul>\n<\/li>\n<\/ul>\n\n\n\n<p class=\"has-medium-font-size\"><strong>NOTA BENE :<em> Nous attirons votre attention sur le fait que la demande doit nous \u00eatre parvenue au minimum 1 semaine avant votre venue. Sans autorisation pr\u00e9alable vous ne serez pas autoris\u00e9s \u00e0 vous poser.<\/em><\/strong> <\/p>\n\n\n\n<p>Carte VAC LFPR ORANGE PLAN DE DIEU AD 2 LFPR ATT 01 (\u00e9dition du 23 janvier 2025)<\/p>\n\n\n\n<p>Veillez \u00e0 consulter l&rsquo;\u00e9dition la plus r\u00e9cente de cette carte (la mise \u00e0 jour du site n&rsquo;est pas syst\u00e9matique \u00e0 chaque nouvelle parution)<\/p>\n\n\n\n<div data-wp-interactive=\"core\/file\" class=\"wp-block-file\"><object data-wp-bind--hidden=\"!state.hasPdfPreview\" hidden class=\"wp-block-file__embed\" data=\"https:\/\/www.aeroclubduplandedieu.fr\/wordpress\/wp-content\/uploads\/2025\/06\/AD-2.LFPR_.pdf\" type=\"application\/pdf\" style=\"width:100%;height:600px\" aria-label=\"Contenu embarqu\u00e9 AD-2.LFPR.\"><\/object><a id=\"wp-block-file--media-7540e49b-16a1-479e-83f8-4caa5b5b66aa\" href=\"https:\/\/www.aeroclubduplandedieu.fr\/wordpress\/wp-content\/uploads\/2025\/06\/AD-2.LFPR_.pdf\">AD-2.LFPR<\/a><a href=\"https:\/\/www.aeroclubduplandedieu.fr\/wordpress\/wp-content\/uploads\/2025\/06\/AD-2.LFPR_.pdf\" class=\"wp-block-file__button wp-element-button\" download aria-describedby=\"wp-block-file--media-7540e49b-16a1-479e-83f8-4caa5b5b66aa\">T\u00e9l\u00e9charger<\/a><\/div>\n\n\n\n<p class=\"has-large-font-size\">Le bureau directeur <\/p>\n\n\n\n<figure class=\"wp-block-gallery has-nested-images columns-5 is-cropped wp-block-gallery-1 is-layout-flex wp-block-gallery-is-layout-flex\">\n<figure class=\"wp-block-image size-full\"><img loading=\"lazy\" decoding=\"async\" width=\"785\" height=\"1022\" data-id=\"2787\" src=\"https:\/\/www.aeroclubduplandedieu.fr\/wordpress\/wp-content\/uploads\/2023\/01\/Jean-Luc-DEGUEURCE.jpg\" alt=\"\" class=\"wp-image-2787\" srcset=\"https:\/\/www.aeroclubduplandedieu.fr\/wordpress\/wp-content\/uploads\/2023\/01\/Jean-Luc-DEGUEURCE.jpg 785w, https:\/\/www.aeroclubduplandedieu.fr\/wordpress\/wp-content\/uploads\/2023\/01\/Jean-Luc-DEGUEURCE-230x300.jpg 230w, https:\/\/www.aeroclubduplandedieu.fr\/wordpress\/wp-content\/uploads\/2023\/01\/Jean-Luc-DEGUEURCE-768x1000.jpg 768w\" sizes=\"auto, (max-width: 785px) 100vw, 785px\" \/><figcaption class=\"wp-element-caption\">Degueurce Jean Luc Pr\u00e9sident<\/figcaption><\/figure>\n\n\n\n<figure class=\"wp-block-image size-large\"><img loading=\"lazy\" decoding=\"async\" width=\"758\" height=\"1024\" data-id=\"2350\" src=\"https:\/\/www.aeroclubduplandedieu.fr\/wordpress\/wp-content\/uploads\/2022\/03\/Bruno-recadre-758x1024.jpg\" alt=\"\" class=\"wp-image-2350\" srcset=\"https:\/\/www.aeroclubduplandedieu.fr\/wordpress\/wp-content\/uploads\/2022\/03\/Bruno-recadre-758x1024.jpg 758w, https:\/\/www.aeroclubduplandedieu.fr\/wordpress\/wp-content\/uploads\/2022\/03\/Bruno-recadre-222x300.jpg 222w, https:\/\/www.aeroclubduplandedieu.fr\/wordpress\/wp-content\/uploads\/2022\/03\/Bruno-recadre-768x1038.jpg 768w, https:\/\/www.aeroclubduplandedieu.fr\/wordpress\/wp-content\/uploads\/2022\/03\/Bruno-recadre.jpg 1101w\" sizes=\"auto, (max-width: 758px) 100vw, 758px\" \/><figcaption class=\"wp-element-caption\">Bruno Caron Vice Pr\u00e9sident<\/figcaption><\/figure>\n\n\n\n<figure class=\"wp-block-image size-full\"><img loading=\"lazy\" decoding=\"async\" width=\"579\" height=\"706\" data-id=\"4115\" src=\"https:\/\/www.aeroclubduplandedieu.fr\/wordpress\/wp-content\/uploads\/2024\/12\/Photo-A-Cunnac.jpg\" alt=\"\" class=\"wp-image-4115\" srcset=\"https:\/\/www.aeroclubduplandedieu.fr\/wordpress\/wp-content\/uploads\/2024\/12\/Photo-A-Cunnac.jpg 579w, https:\/\/www.aeroclubduplandedieu.fr\/wordpress\/wp-content\/uploads\/2024\/12\/Photo-A-Cunnac-246x300.jpg 246w\" sizes=\"auto, (max-width: 579px) 100vw, 579px\" \/><figcaption class=\"wp-element-caption\">Andr\u00e9 Cunnac Secr\u00e9taire g\u00e9n\u00e9ral<\/figcaption><\/figure>\n\n\n\n<figure class=\"wp-block-image size-full\"><img loading=\"lazy\" decoding=\"async\" width=\"768\" height=\"1024\" data-id=\"2790\" src=\"https:\/\/www.aeroclubduplandedieu.fr\/wordpress\/wp-content\/uploads\/2023\/01\/Cathy-Rostaing.jpg\" alt=\"\" class=\"wp-image-2790\" srcset=\"https:\/\/www.aeroclubduplandedieu.fr\/wordpress\/wp-content\/uploads\/2023\/01\/Cathy-Rostaing.jpg 768w, https:\/\/www.aeroclubduplandedieu.fr\/wordpress\/wp-content\/uploads\/2023\/01\/Cathy-Rostaing-225x300.jpg 225w\" sizes=\"auto, (max-width: 768px) 100vw, 768px\" \/><figcaption class=\"wp-element-caption\">Rostaing Cathy Tr\u00e9sori\u00e8re<\/figcaption><\/figure>\n<\/figure>\n\n\n\n<p class=\"has-large-font-size\">Les instructeurs   <\/p>\n\n\n\n<div class=\"wp-block-group\"><div class=\"wp-block-group__inner-container is-layout-constrained wp-block-group-is-layout-constrained\">\n<figure class=\"wp-block-gallery has-nested-images columns-6 is-cropped wp-block-gallery-2 is-layout-flex wp-block-gallery-is-layout-flex\">\n<figure class=\"wp-block-image size-large\"><img loading=\"lazy\" decoding=\"async\" width=\"1080\" height=\"1440\" data-id=\"1323\" src=\"https:\/\/www.aeroclubduplandedieu.fr\/wordpress\/wp-content\/uploads\/2021\/11\/Jacky.jpg\" alt=\"\" class=\"wp-image-1323\" srcset=\"https:\/\/www.aeroclubduplandedieu.fr\/wordpress\/wp-content\/uploads\/2021\/11\/Jacky.jpg 1080w, https:\/\/www.aeroclubduplandedieu.fr\/wordpress\/wp-content\/uploads\/2021\/11\/Jacky-225x300.jpg 225w, https:\/\/www.aeroclubduplandedieu.fr\/wordpress\/wp-content\/uploads\/2021\/11\/Jacky-768x1024.jpg 768w\" sizes=\"auto, (max-width: 1080px) 100vw, 1080px\" \/><figcaption class=\"wp-element-caption\">Jacky Chef pilote<\/figcaption><\/figure>\n\n\n\n<figure class=\"wp-block-image size-large\"><img loading=\"lazy\" decoding=\"async\" width=\"1080\" height=\"1440\" data-id=\"1321\" src=\"https:\/\/www.aeroclubduplandedieu.fr\/wordpress\/wp-content\/uploads\/2021\/11\/Eric.jpg\" alt=\"\" class=\"wp-image-1321\" srcset=\"https:\/\/www.aeroclubduplandedieu.fr\/wordpress\/wp-content\/uploads\/2021\/11\/Eric.jpg 1080w, https:\/\/www.aeroclubduplandedieu.fr\/wordpress\/wp-content\/uploads\/2021\/11\/Eric-225x300.jpg 225w, https:\/\/www.aeroclubduplandedieu.fr\/wordpress\/wp-content\/uploads\/2021\/11\/Eric-768x1024.jpg 768w\" sizes=\"auto, (max-width: 1080px) 100vw, 1080px\" \/><figcaption class=\"wp-element-caption\">Eric<\/figcaption><\/figure>\n\n\n\n<figure class=\"wp-block-image size-large\"><img loading=\"lazy\" decoding=\"async\" width=\"768\" height=\"1024\" data-id=\"1318\" src=\"https:\/\/www.aeroclubduplandedieu.fr\/wordpress\/wp-content\/uploads\/2021\/11\/Anabel-768x1024.jpg\" alt=\"\" class=\"wp-image-1318\" srcset=\"https:\/\/www.aeroclubduplandedieu.fr\/wordpress\/wp-content\/uploads\/2021\/11\/Anabel-768x1024.jpg 768w, https:\/\/www.aeroclubduplandedieu.fr\/wordpress\/wp-content\/uploads\/2021\/11\/Anabel-225x300.jpg 225w, https:\/\/www.aeroclubduplandedieu.fr\/wordpress\/wp-content\/uploads\/2021\/11\/Anabel.jpg 1080w\" sizes=\"auto, (max-width: 768px) 100vw, 768px\" \/><figcaption class=\"wp-element-caption\">Annabel<\/figcaption><\/figure>\n\n\n\n<figure class=\"wp-block-image size-large\"><img loading=\"lazy\" decoding=\"async\" width=\"1080\" height=\"1440\" data-id=\"1326\" src=\"https:\/\/www.aeroclubduplandedieu.fr\/wordpress\/wp-content\/uploads\/2021\/11\/Nicolas.jpg\" alt=\"\" class=\"wp-image-1326\" srcset=\"https:\/\/www.aeroclubduplandedieu.fr\/wordpress\/wp-content\/uploads\/2021\/11\/Nicolas.jpg 1080w, https:\/\/www.aeroclubduplandedieu.fr\/wordpress\/wp-content\/uploads\/2021\/11\/Nicolas-225x300.jpg 225w, https:\/\/www.aeroclubduplandedieu.fr\/wordpress\/wp-content\/uploads\/2021\/11\/Nicolas-768x1024.jpg 768w\" sizes=\"auto, (max-width: 1080px) 100vw, 1080px\" \/><figcaption class=\"wp-element-caption\">Nicolas<\/figcaption><\/figure>\n<\/figure>\n<\/div><\/div>\n\n\n\n<div class=\"wp-block-group is-nowrap is-layout-flex wp-container-core-group-is-layout-ad2f72ca wp-block-group-is-layout-flex\">\n<div class=\"wp-block-columns is-layout-flex wp-container-core-columns-is-layout-9d6595d7 wp-block-columns-is-layout-flex\">\n<div class=\"wp-block-column is-layout-flow wp-block-column-is-layout-flow\" style=\"flex-basis:100%\"><\/div>\n<\/div>\n<\/div>\n\n\n\n<figure class=\"wp-block-image size-large\"><img loading=\"lazy\" decoding=\"async\" width=\"1024\" height=\"168\" src=\"https:\/\/www.aeroclubduplandedieu.fr\/wordpress\/wp-content\/uploads\/2022\/02\/le-club-retaille4-1024x168.jpg\" alt=\"\" class=\"wp-image-2058\" srcset=\"https:\/\/www.aeroclubduplandedieu.fr\/wordpress\/wp-content\/uploads\/2022\/02\/le-club-retaille4-1024x168.jpg 1024w, https:\/\/www.aeroclubduplandedieu.fr\/wordpress\/wp-content\/uploads\/2022\/02\/le-club-retaille4-300x49.jpg 300w, https:\/\/www.aeroclubduplandedieu.fr\/wordpress\/wp-content\/uploads\/2022\/02\/le-club-retaille4-768x126.jpg 768w, https:\/\/www.aeroclubduplandedieu.fr\/wordpress\/wp-content\/uploads\/2022\/02\/le-club-retaille4-1536x252.jpg 1536w, https:\/\/www.aeroclubduplandedieu.fr\/wordpress\/wp-content\/uploads\/2022\/02\/le-club-retaille4-2048x336.jpg 2048w\" sizes=\"auto, (max-width: 1024px) 100vw, 1024px\" \/><\/figure>\n\n\n\n<figure class=\"wp-block-gallery has-nested-images columns-default is-cropped wp-block-gallery-3 is-layout-flex wp-block-gallery-is-layout-flex\">\n<figure class=\"wp-block-image size-large\"><img loading=\"lazy\" decoding=\"async\" width=\"1024\" height=\"681\" data-id=\"4146\" src=\"https:\/\/www.aeroclubduplandedieu.fr\/wordpress\/wp-content\/uploads\/2025\/01\/EARAAE-vs-RAFALE_1-1024x681.jpg\" alt=\"\" class=\"wp-image-4146\" srcset=\"https:\/\/www.aeroclubduplandedieu.fr\/wordpress\/wp-content\/uploads\/2025\/01\/EARAAE-vs-RAFALE_1-1024x681.jpg 1024w, https:\/\/www.aeroclubduplandedieu.fr\/wordpress\/wp-content\/uploads\/2025\/01\/EARAAE-vs-RAFALE_1-300x200.jpg 300w, https:\/\/www.aeroclubduplandedieu.fr\/wordpress\/wp-content\/uploads\/2025\/01\/EARAAE-vs-RAFALE_1-768x511.jpg 768w, https:\/\/www.aeroclubduplandedieu.fr\/wordpress\/wp-content\/uploads\/2025\/01\/EARAAE-vs-RAFALE_1-1536x1022.jpg 1536w, https:\/\/www.aeroclubduplandedieu.fr\/wordpress\/wp-content\/uploads\/2025\/01\/EARAAE-vs-RAFALE_1-2048x1363.jpg 2048w\" sizes=\"auto, (max-width: 1024px) 100vw, 1024px\" \/><\/figure>\n\n\n\n<figure class=\"wp-block-image size-large\"><img loading=\"lazy\" decoding=\"async\" width=\"1024\" height=\"681\" data-id=\"4145\" src=\"https:\/\/www.aeroclubduplandedieu.fr\/wordpress\/wp-content\/uploads\/2025\/01\/EARAAE-vs-RAFALE_2-1024x681.jpg\" alt=\"\" class=\"wp-image-4145\" srcset=\"https:\/\/www.aeroclubduplandedieu.fr\/wordpress\/wp-content\/uploads\/2025\/01\/EARAAE-vs-RAFALE_2-1024x681.jpg 1024w, https:\/\/www.aeroclubduplandedieu.fr\/wordpress\/wp-content\/uploads\/2025\/01\/EARAAE-vs-RAFALE_2-300x200.jpg 300w, https:\/\/www.aeroclubduplandedieu.fr\/wordpress\/wp-content\/uploads\/2025\/01\/EARAAE-vs-RAFALE_2-768x511.jpg 768w, https:\/\/www.aeroclubduplandedieu.fr\/wordpress\/wp-content\/uploads\/2025\/01\/EARAAE-vs-RAFALE_2-1536x1022.jpg 1536w, https:\/\/www.aeroclubduplandedieu.fr\/wordpress\/wp-content\/uploads\/2025\/01\/EARAAE-vs-RAFALE_2-2048x1363.jpg 2048w\" sizes=\"auto, (max-width: 1024px) 100vw, 1024px\" \/><\/figure>\n<\/figure>\n\n\n\n<figure class=\"wp-block-image size-large is-resized\"><img loading=\"lazy\" decoding=\"async\" width=\"1024\" height=\"576\" src=\"https:\/\/www.aeroclubduplandedieu.fr\/wordpress\/wp-content\/uploads\/2022\/03\/Espace_membres_menu-1024x576.jpg\" alt=\"\" class=\"wp-image-2263\" style=\"width:841px;height:auto\" srcset=\"https:\/\/www.aeroclubduplandedieu.fr\/wordpress\/wp-content\/uploads\/2022\/03\/Espace_membres_menu-1024x576.jpg 1024w, https:\/\/www.aeroclubduplandedieu.fr\/wordpress\/wp-content\/uploads\/2022\/03\/Espace_membres_menu-300x169.jpg 300w, https:\/\/www.aeroclubduplandedieu.fr\/wordpress\/wp-content\/uploads\/2022\/03\/Espace_membres_menu-768x432.jpg 768w, https:\/\/www.aeroclubduplandedieu.fr\/wordpress\/wp-content\/uploads\/2022\/03\/Espace_membres_menu-1536x864.jpg 1536w, https:\/\/www.aeroclubduplandedieu.fr\/wordpress\/wp-content\/uploads\/2022\/03\/Espace_membres_menu-2048x1152.jpg 2048w\" sizes=\"auto, (max-width: 1024px) 100vw, 1024px\" \/><\/figure>\n\n\n\n<figure class=\"wp-block-gallery has-nested-images columns-default is-cropped wp-block-gallery-4 is-layout-flex wp-block-gallery-is-layout-flex\">\n<figure class=\"wp-block-image size-thumbnail\"><img loading=\"lazy\" decoding=\"async\" width=\"150\" height=\"150\" data-id=\"3854\" src=\"https:\/\/www.aeroclubduplandedieu.fr\/wordpress\/wp-content\/uploads\/2024\/09\/20240911_073410-1-150x150.jpg\" alt=\"\" class=\"wp-image-3854\"\/><\/figure>\n\n\n\n<figure class=\"wp-block-image size-large\"><img loading=\"lazy\" decoding=\"async\" width=\"1024\" height=\"714\" data-id=\"3308\" src=\"https:\/\/www.aeroclubduplandedieu.fr\/wordpress\/wp-content\/uploads\/2024\/06\/dentelles-petit-format.jpg\" alt=\"\" class=\"wp-image-3308\" srcset=\"https:\/\/www.aeroclubduplandedieu.fr\/wordpress\/wp-content\/uploads\/2024\/06\/dentelles-petit-format.jpg 1024w, https:\/\/www.aeroclubduplandedieu.fr\/wordpress\/wp-content\/uploads\/2024\/06\/dentelles-petit-format-300x209.jpg 300w, https:\/\/www.aeroclubduplandedieu.fr\/wordpress\/wp-content\/uploads\/2024\/06\/dentelles-petit-format-768x536.jpg 768w\" sizes=\"auto, (max-width: 1024px) 100vw, 1024px\" \/><\/figure>\n\n\n\n<figure class=\"wp-block-image size-large\"><img loading=\"lazy\" decoding=\"async\" width=\"1024\" height=\"1024\" data-id=\"3058\" src=\"https:\/\/www.aeroclubduplandedieu.fr\/wordpress\/wp-content\/uploads\/2023\/11\/IMG-20230902-WA0010.jpg\" alt=\"\" class=\"wp-image-3058\" srcset=\"https:\/\/www.aeroclubduplandedieu.fr\/wordpress\/wp-content\/uploads\/2023\/11\/IMG-20230902-WA0010.jpg 1024w, https:\/\/www.aeroclubduplandedieu.fr\/wordpress\/wp-content\/uploads\/2023\/11\/IMG-20230902-WA0010-300x300.jpg 300w, https:\/\/www.aeroclubduplandedieu.fr\/wordpress\/wp-content\/uploads\/2023\/11\/IMG-20230902-WA0010-150x150.jpg 150w, https:\/\/www.aeroclubduplandedieu.fr\/wordpress\/wp-content\/uploads\/2023\/11\/IMG-20230902-WA0010-768x768.jpg 768w\" sizes=\"auto, (max-width: 1024px) 100vw, 1024px\" \/><\/figure>\n<\/figure>\n\n\n\n<figure class=\"wp-block-image size-large\"><img loading=\"lazy\" decoding=\"async\" width=\"1024\" height=\"714\" src=\"https:\/\/www.aeroclubduplandedieu.fr\/wordpress\/wp-content\/uploads\/2024\/06\/Dentelles-1024x714.jpg\" alt=\"\" class=\"wp-image-3305\" srcset=\"https:\/\/www.aeroclubduplandedieu.fr\/wordpress\/wp-content\/uploads\/2024\/06\/Dentelles-1024x714.jpg 1024w, https:\/\/www.aeroclubduplandedieu.fr\/wordpress\/wp-content\/uploads\/2024\/06\/Dentelles-300x209.jpg 300w, https:\/\/www.aeroclubduplandedieu.fr\/wordpress\/wp-content\/uploads\/2024\/06\/Dentelles-768x536.jpg 768w, https:\/\/www.aeroclubduplandedieu.fr\/wordpress\/wp-content\/uploads\/2024\/06\/Dentelles-1536x1071.jpg 1536w, https:\/\/www.aeroclubduplandedieu.fr\/wordpress\/wp-content\/uploads\/2024\/06\/Dentelles-2048x1428.jpg 2048w\" sizes=\"auto, (max-width: 1024px) 100vw, 1024px\" \/><\/figure>\n\n\n\n<figure class=\"wp-block-image size-large is-resized\"><img loading=\"lazy\" decoding=\"async\" width=\"1024\" height=\"576\" src=\"https:\/\/www.aeroclubduplandedieu.fr\/wordpress\/wp-content\/uploads\/2022\/03\/Le-club_menu_3-1024x576.jpg\" alt=\"\" class=\"wp-image-2261\" style=\"width:841px;height:auto\" srcset=\"https:\/\/www.aeroclubduplandedieu.fr\/wordpress\/wp-content\/uploads\/2022\/03\/Le-club_menu_3-1024x576.jpg 1024w, https:\/\/www.aeroclubduplandedieu.fr\/wordpress\/wp-content\/uploads\/2022\/03\/Le-club_menu_3-300x169.jpg 300w, https:\/\/www.aeroclubduplandedieu.fr\/wordpress\/wp-content\/uploads\/2022\/03\/Le-club_menu_3-768x432.jpg 768w, https:\/\/www.aeroclubduplandedieu.fr\/wordpress\/wp-content\/uploads\/2022\/03\/Le-club_menu_3-1536x864.jpg 1536w, https:\/\/www.aeroclubduplandedieu.fr\/wordpress\/wp-content\/uploads\/2022\/03\/Le-club_menu_3-2048x1152.jpg 2048w\" sizes=\"auto, (max-width: 1024px) 100vw, 1024px\" \/><\/figure>\n\n\n\n<div class=\"wp-block-file\"><a id=\"wp-block-file--media-9e4af400-3676-4025-ad9f-34754e40ea0a\" href=\"https:\/\/www.aeroclubduplandedieu.fr\/wordpress\/wp-content\/uploads\/2024\/01\/PDD-historique-remis-en-forme.docx\">PDD-historique-remis-en-forme<\/a><a href=\"https:\/\/www.aeroclubduplandedieu.fr\/wordpress\/wp-content\/uploads\/2024\/01\/PDD-historique-remis-en-forme.docx\" class=\"wp-block-file__button wp-element-button\" download aria-describedby=\"wp-block-file--media-9e4af400-3676-4025-ad9f-34754e40ea0a\">T\u00e9l\u00e9charger<\/a><\/div>\n\n\n\n<p><\/p>\n\n\n\n<figure class=\"wp-block-image size-large\"><img loading=\"lazy\" decoding=\"async\" width=\"768\" height=\"1024\" src=\"https:\/\/www.aeroclubduplandedieu.fr\/wordpress\/wp-content\/uploads\/2026\/02\/IMG_3010-1-768x1024.jpeg\" alt=\"\" class=\"wp-image-5583\" srcset=\"https:\/\/www.aeroclubduplandedieu.fr\/wordpress\/wp-content\/uploads\/2026\/02\/IMG_3010-1-768x1024.jpeg 768w, https:\/\/www.aeroclubduplandedieu.fr\/wordpress\/wp-content\/uploads\/2026\/02\/IMG_3010-1-225x300.jpeg 225w, https:\/\/www.aeroclubduplandedieu.fr\/wordpress\/wp-content\/uploads\/2026\/02\/IMG_3010-1-1152x1536.jpeg 1152w, https:\/\/www.aeroclubduplandedieu.fr\/wordpress\/wp-content\/uploads\/2026\/02\/IMG_3010-1-1536x2048.jpeg 1536w, https:\/\/www.aeroclubduplandedieu.fr\/wordpress\/wp-content\/uploads\/2026\/02\/IMG_3010-1-scaled.jpeg 1920w\" sizes=\"auto, (max-width: 768px) 100vw, 768px\" \/><\/figure>\n","protected":false},"excerpt":{"rendered":"<p>Suivez nous aussi sur facebook https:\/\/facebook.com\/AeroclubDuPlanDeDieu? Wikipedia : page relative \u00e0 l&rsquo;a\u00e9rodrome d&rsquo;Orange Plan de Dieu +++++++++++++++++++++++++++++++++++++++++++++++++++++++++++++++++++++++++++++++++++++++++++++++++++++++++++++++ L\u2019A\u00e9roclub du Plan de Dieu est une association \u00e0 but non lucratif r\u00e9gie [&hellip;]<\/p>\n","protected":false},"author":1,"featured_media":2519,"parent":0,"menu_order":0,"comment_status":"closed","ping_status":"closed","template":"page-fullwidth.php","meta":{"footnotes":""},"class_list":["post-231","page","type-page","status-publish","has-post-thumbnail","hentry"],"_links":{"self":[{"href":"https:\/\/www.aeroclubduplandedieu.fr\/2021\/wp-json\/wp\/v2\/pages\/231","targetHints":{"allow":["GET"]}}],"collection":[{"href":"https:\/\/www.aeroclubduplandedieu.fr\/2021\/wp-json\/wp\/v2\/pages"}],"about":[{"href":"https:\/\/www.aeroclubduplandedieu.fr\/2021\/wp-json\/wp\/v2\/types\/page"}],"author":[{"embeddable":true,"href":"https:\/\/www.aeroclubduplandedieu.fr\/2021\/wp-json\/wp\/v2\/users\/1"}],"replies":[{"embeddable":true,"href":"https:\/\/www.aeroclubduplandedieu.fr\/2021\/wp-json\/wp\/v2\/comments?post=231"}],"version-history":[{"count":273,"href":"https:\/\/www.aeroclubduplandedieu.fr\/2021\/wp-json\/wp\/v2\/pages\/231\/revisions"}],"predecessor-version":[{"id":5669,"href":"https:\/\/www.aeroclubduplandedieu.fr\/2021\/wp-json\/wp\/v2\/pages\/231\/revisions\/5669"}],"wp:featuredmedia":[{"embeddable":true,"href":"https:\/\/www.aeroclubduplandedieu.fr\/2021\/wp-json\/wp\/v2\/media\/2519"}],"wp:attachment":[{"href":"https:\/\/www.aeroclubduplandedieu.fr\/2021\/wp-json\/wp\/v2\/media?parent=231"}],"curies":[{"name":"wp","href":"https:\/\/api.w.org\/{rel}","templated":true}]}}